{"id":551,"date":"2019-03-26T09:13:17","date_gmt":"2019-03-26T09:13:17","guid":{"rendered":"https:\/\/eventcenter.se\/kalmar\/?page_id=551"},"modified":"2024-03-01T12:49:53","modified_gmt":"2024-03-01T11:49:53","slug":"festvaning","status":"publish","type":"page","link":"https:\/\/eventcenter.se\/kalmar\/festvaning\/","title":{"rendered":"FESTV\u00c5NING"},"content":{"rendered":"<div class=\"wpb-content-wrapper\"><p>[vc_row full_width=&#8221;stretch_row&#8221; content_placement=&#8221;top&#8221; bg_type=&#8221;image&#8221; css=&#8221;.vc_custom_1599901278184{padding-top: 250px !important;padding-bottom: 250px !important;background-image: url(https:\/\/eventcenter.se\/kalmar\/wp-content\/uploads\/2020\/08\/Cheers-Norr-1920-500.jpg?id=2971) !important;}&#8221; el_class=&#8221;vc_hidden-xs&#8221;][vc_column offset=&#8221;vc_hidden-xs&#8221;][\/vc_column][\/vc_row][vc_row full_width=&#8221;stretch_row_content&#8221; content_placement=&#8221;top&#8221; bg_type=&#8221;image&#8221; css=&#8221;.vc_custom_1659959171814{padding-top: 450px !important;padding-bottom: 0px !important;background-image: url(https:\/\/eventcenter.se\/kalmar\/wp-content\/uploads\/2022\/08\/Malin.jpg?id=4486) !important;}&#8221; el_class=&#8221;vc_hidden-lg vc_hidden-md vc_hidden-sm&#8221;][vc_column offset=&#8221;vc_hidden-xs&#8221;][\/vc_column][\/vc_row][vc_row bg_type=&#8221;image&#8221; parallax_style=&#8221;vcpb-default&#8221; bg_image_new=&#8221;id^1247|url^https:\/\/eventcenter.se\/kalmar\/wp-content\/uploads\/2019\/04\/menu-bg5.jpg|caption^null|alt^Eventcenter V\u00e4xj\u00f6 Restaurang Bowling Boule Biljard Background Event Center Knock em Down Event Center V\u00e4xj\u00f6 Restaurang Bowling Boule Biljard Knock em Down|title^null|description^null&#8221; bg_image_size=&#8221;initial&#8221; css=&#8221;.vc_custom_1555499045648{margin-top: -40px !important;margin-right: 0px !important;margin-left: 0px !important;background-color: #ffffff !important;background-position: 0 0 !important;background-repeat: repeat !important;}&#8221; el_class=&#8221;pinklft shadow zindexed&#8221;][vc_column width=&#8221;2\/3&#8243; css=&#8221;.vc_custom_1554197063644{padding-top: 10px !important;padding-bottom: 0px !important;padding-left: 44px !important;}&#8221;][vc_column_text css=&#8221;.vc_custom_1709293791476{padding-top: 5px !important;}&#8221;]<\/p>\n<h1><span style=\"color: #cca402;\"><strong>Festv\u00e5ning Kalmar<\/strong><\/span><\/h1>\n<p><strong>Oavsett om du vill arrangera det perfekt f\u00f6retagseventet, m\u00e4ssa eller en st\u00f6rre privatfest \u00e4r v\u00e5r stora festv\u00e5ning den perfekta platsen f\u00f6r dig.<\/strong><\/p>\n<p><a href=\"https:\/\/popupvaxjo\/\"><img loading=\"lazy\" decoding=\"async\" class=\"alignnone wp-image-4527\" src=\"https:\/\/eventcenter.se\/kalmar\/wp-content\/uploads\/2022\/10\/Boka-300x78.jpg\" alt=\"Boka\" width=\"200\" height=\"52\" srcset=\"https:\/\/eventcenter.se\/kalmar\/wp-content\/uploads\/2022\/10\/Boka-300x78.jpg 300w, https:\/\/eventcenter.se\/kalmar\/wp-content\/uploads\/2022\/10\/Boka.jpg 384w\" sizes=\"auto, (max-width: 200px) 100vw, 200px\" \/><\/a><\/p>\n<p>Hos Event Center i Kalmar hittar du allt under ett tak och filosofin \u00e4r att ge helhetsupplevelser d\u00e4r du kan slappna av och k\u00e4nna att vi tar hand om er, fr\u00e5n n\u00e4r n\u00e4r ditt s\u00e4llskap kommer in genom d\u00f6rren tills ni g\u00e5r hem f\u00f6r kv\u00e4llen. V\u00e5ra medarbetare \u00e4r vana vid att ta emot s\u00e4llskap p\u00e5 <strong>upp till 500 personer.<\/strong><\/p>\n<p><a class=\"dt-pswp-item\" href=\"https:\/\/eventcenter.se\/kalmar\/wp-content\/uploads\/2022\/08\/Foretagsevent-VXO.jpg\" data-dt-img-description=\"\" data-large_image_width=\"960\" data-large_image_height=\"540\"><img loading=\"lazy\" decoding=\"async\" class=\"alignnone size-full wp-image-4488\" src=\"https:\/\/eventcenter.se\/kalmar\/wp-content\/uploads\/2022\/08\/Foretagsevent-VXO.jpg\" alt=\"Foretagsevent Vaxjo\" width=\"960\" height=\"540\" srcset=\"https:\/\/eventcenter.se\/kalmar\/wp-content\/uploads\/2022\/08\/Foretagsevent-VXO.jpg 960w, https:\/\/eventcenter.se\/kalmar\/wp-content\/uploads\/2022\/08\/Foretagsevent-VXO-300x169.jpg 300w, https:\/\/eventcenter.se\/kalmar\/wp-content\/uploads\/2022\/08\/Foretagsevent-VXO-768x432.jpg 768w\" sizes=\"auto, (max-width: 960px) 100vw, 960px\" \/><\/a><\/p>\n<p><strong><a href=\"https:\/\/eventcenter.se\/kalmar\/foretagspaket\/\">Paket f\u00f6r f\u00f6retag och st\u00f6rre s\u00e4llskap<\/a><\/strong><\/p>\n<p>&nbsp;<\/p>\n<p><strong>Ert n\u00e4sta f\u00f6retagsevent<\/strong><\/p>\n<p>F\u00f6rena nytta med n\u00f6je och l\u00e5t oss ta hand om ert n\u00e4sta event i Kalmar. 2300 m2 av o\u00e4ndliga utsikter att underh\u00e5lla grupper och s\u00e4llskap. H\u00f6r av dig s\u00e5 ber\u00e4ttar vi mer om alla m\u00f6jligheter f\u00f6r en riktigt lyckad och trevlig tillst\u00e4llning tillsammans!<\/p>\n<p><strong><a class=\"dt-pswp-item\" href=\"https:\/\/eventcenter.se\/kalmar\/wp-content\/uploads\/2022\/02\/Foretagsevent.jpg\" data-dt-img-description=\"\" data-large_image_width=\"960\" data-large_image_height=\"540\"><img loading=\"lazy\" decoding=\"async\" class=\"alignnone wp-image-4264 size-full\" src=\"https:\/\/eventcenter.se\/kalmar\/wp-content\/uploads\/2022\/02\/Foretagsevent.jpg\" alt=\"Foretagsevent\" width=\"960\" height=\"540\" srcset=\"https:\/\/eventcenter.se\/kalmar\/wp-content\/uploads\/2022\/02\/Foretagsevent.jpg 960w, https:\/\/eventcenter.se\/kalmar\/wp-content\/uploads\/2022\/02\/Foretagsevent-300x169.jpg 300w, https:\/\/eventcenter.se\/kalmar\/wp-content\/uploads\/2022\/02\/Foretagsevent-768x432.jpg 768w\" sizes=\"auto, (max-width: 960px) 100vw, 960px\" \/><\/a><\/strong><\/p>\n<p><em>F\u00f6retagsevent, Kickoff, och privata fester i Kalmar \u2013 Att kombinera upplevelsen med <a href=\"https:\/\/eventcenter.se\/kalmar\/restaurang\/\">god mat<\/a> och <a href=\"https:\/\/eventcenter.se\/kalmar\/aktiviteter\/\">aktiviteter f\u00f6r teambuilding<\/a> st\u00e4rker sammanh\u00e5llningen inom gruppen. Kontakta oss s\u00e5 ber\u00e4ttar vi mer om alla m\u00f6jligheter.<\/em>[\/vc_column_text][vc_empty_space][\/vc_column][vc_column width=&#8221;1\/3&#8243; css=&#8221;.vc_custom_1555766446573{margin-left: 22px !important;padding-top: 17px !important;padding-right: 10px !important;padding-bottom: 25px !important;}&#8221;][vc_column_text css=&#8221;.vc_custom_1709293740214{padding-top: 5px !important;}&#8221;]<span style=\"color: #999999;\">Kontakta oss via <strong>0480-444230<\/strong>\u00a0eller <\/span><strong><a href=\"mailto:kalmar@eventcenter.se\"><span style=\"color: #999999;\">kalmar@eventcenter.se<\/span><\/a><\/strong>[\/vc_column_text]<style type=\"text\/css\" data-type=\"the7_shortcodes-inline-css\">#default-btn-4051d37ce8a14bf44820e8379a0854e5 {\n  border-radius: 1px;\n  font-size: 14px;\n  line-height: 16px;\n}\n.btn-shadow#default-btn-4051d37ce8a14bf44820e8379a0854e5 {\n  box-shadow: 0 1px 6px rgba(0,0,0,0.12);\n  transition: box-shadow 0.2s ease-out, opacity 0.45s;\n}\n.btn-shadow#default-btn-4051d37ce8a14bf44820e8379a0854e5:hover {\n  box-shadow: 0 5px 11px 0 rgba(0,0,0,0.18), 0 4px 15px 0 rgba(0,0,0,0.15);\n}\n.btn-3d#default-btn-4051d37ce8a14bf44820e8379a0854e5 {\n  box-shadow: 0px 2px 0px 0px #816b10;\n}\n.btn-3d#default-btn-4051d37ce8a14bf44820e8379a0854e5:hover {\n  box-shadow: 0px 2px 0px 0px #816b10;\n}\n.btn-flat#default-btn-4051d37ce8a14bf44820e8379a0854e5 {\n  box-shadow: none;\n}\n.btn-flat#default-btn-4051d37ce8a14bf44820e8379a0854e5:hover {\n  box-shadow: none;\n}\n#default-btn-4051d37ce8a14bf44820e8379a0854e5.ico-right-side > i {\n  margin-right: 0px;\n  margin-left: 8px;\n}\n#default-btn-4051d37ce8a14bf44820e8379a0854e5 > i {\n  margin-right: 8px;\n  font-size: 14px;\n}\n#default-btn-4051d37ce8a14bf44820e8379a0854e5:not(:hover) {\n  border-width: 0px;\n  color: #000000;\n  background: #cca402 !important;\n  padding: 12px 18px 12px 18px;\n}\n#default-btn-4051d37ce8a14bf44820e8379a0854e5:not(:hover) * {\n  color: #000000;\n}\n#default-btn-4051d37ce8a14bf44820e8379a0854e5:hover {\n  border-width: 0px;\n  background: #cca402 !important;\n  padding: 12px 18px 12px 18px;\n}\n#default-btn-4051d37ce8a14bf44820e8379a0854e5.ico-right-side > i {\n  margin-right: 0px;\n  margin-left: 8px;\n}\n#default-btn-4051d37ce8a14bf44820e8379a0854e5 > i {\n  margin-right: 8px;\n}<\/style><a href=\"https:\/\/popupvaxjo\/\" class=\"default-btn-shortcode dt-btn rubberBand animate-element animation-builder link-hover-off btn-inline-left btn-flat  vc_custom_1668604532344\" id=\"default-btn-4051d37ce8a14bf44820e8379a0854e5\" style=\"width:265px;\"><span>Bokningsf\u00f6rfr\u00e5gan<\/span><\/a>[vc_empty_space height=&#8221;50px&#8221;][\/vc_column][\/vc_row][vc_row el_class=&#8221;teaserbx vc_hidden-xs&#8221;][vc_column width=&#8221;1\/2&#8243;][\/vc_column][vc_column width=&#8221;1\/2&#8243;][vc_empty_space height=&#8221;20px&#8221;][\/vc_column][\/vc_row][vc_row el_class=&#8221;teaserbx vc_hidden-lg vc_hidden-md vc_hidden-sm&#8221;][vc_column width=&#8221;1\/2&#8243;][vc_empty_space height=&#8221;20px&#8221;][\/vc_column][vc_column width=&#8221;1\/2&#8243;][\/vc_column][\/vc_row][vc_row disable_element=&#8221;yes&#8221; el_class=&#8221;teaserbx vc_hidden-lg vc_hidden-md vc_hidden-sm&#8221;][vc_column width=&#8221;1\/2&#8243;][\/vc_column][vc_column width=&#8221;1\/2&#8243;][\/vc_column][\/vc_row][vc_row][vc_column][vc_empty_space height=&#8221;00px&#8221;][\/vc_column][\/vc_row]<\/p>\n<\/div>","protected":false},"excerpt":{"rendered":"<p>[vc_row full_width=&#8221;stretch_row&#8221; content_placement=&#8221;top&#8221; bg_type=&#8221;image&#8221; css=&#8221;.vc_custom_1599901278184{padding-top: 250px !important;padding-bottom: 250px !important;background-image: url(https:\/\/eventcenter.se\/kalmar\/wp-content\/uploads\/2020\/08\/Cheers-Norr-1920-500.jpg?id=2971) !important;}&#8221; el_class=&#8221;vc_hidden-xs&#8221;][vc_column offset=&#8221;vc_hidden-xs&#8221;][\/vc_column][\/vc_row][vc_row full_width=&#8221;stretch_row_content&#8221; content_placement=&#8221;top&#8221; bg_type=&#8221;image&#8221; css=&#8221;.vc_custom_1659959171814{padding-top: 450px !important;padding-bottom: 0px !important;background-image: url(https:\/\/eventcenter.se\/kalmar\/wp-content\/uploads\/2022\/08\/Malin.jpg?id=4486) !important;}&#8221; el_class=&#8221;vc_hidden-lg vc_hidden-md vc_hidden-sm&#8221;][vc_column offset=&#8221;vc_hidden-xs&#8221;][\/vc_column][\/vc_row][vc_row bg_type=&#8221;image&#8221; parallax_style=&#8221;vcpb-default&#8221; bg_image_new=&#8221;id^1247|url^https:\/\/eventcenter.se\/kalmar\/wp-content\/uploads\/2019\/04\/menu-bg5.jpg|caption^null|alt^Eventcenter V\u00e4xj\u00f6 Restaurang Bowling Boule Biljard Background Event Center Knock em Down Event Center V\u00e4xj\u00f6 Restaurang Bowling Boule Biljard Knock em Down|title^null|description^null&#8221; bg_image_size=&#8221;initial&#8221; css=&#8221;.vc_custom_1555499045648{margin-top: -40px !important;margin-right:&hellip;<\/p>\n","protected":false},"author":2,"featured_media":0,"parent":0,"menu_order":0,"comment_status":"closed","ping_status":"closed","template":"","meta":{"footnotes":""},"class_list":["post-551","page","type-page","status-publish","hentry","description-off"],"yoast_head":"<!-- This site is optimized with the Yoast SEO plugin v27.2 - https:\/\/yoast.com\/product\/yoast-seo-wordpress\/ -->\n<title>FESTV\u00c5NING KALMAR - F\u00c3\u00b6retag &amp; privatg\u00c3\u00a4ster - Allt under ett tak<\/title>\n<meta name=\"description\" content=\"Festv\u00c3\u00a5ningen i Kalmar \u00c3\u00a4r den perfekta platsen f\u00c3\u00b6r b\u00c3\u00a5de f\u00c3\u00b6retagsevent, kickoff, konferens, julbord och privata fester.\" \/>\n<meta name=\"robots\" content=\"index, follow, max-snippet:-1, max-image-preview:large, max-video-preview:-1\" \/>\n<link rel=\"canonical\" href=\"https:\/\/eventcenter.se\/kalmar\/festvaning\/\" \/>\n<meta property=\"og:locale\" content=\"sv_SE\" \/>\n<meta property=\"og:type\" content=\"article\" \/>\n<meta property=\"og:title\" content=\"FESTV\u00c5NING KALMAR - F\u00c3\u00b6retag &amp; privatg\u00c3\u00a4ster - Allt under ett tak\" \/>\n<meta property=\"og:description\" content=\"Festv\u00c3\u00a5ningen i Kalmar \u00c3\u00a4r den perfekta platsen f\u00c3\u00b6r b\u00c3\u00a5de f\u00c3\u00b6retagsevent, kickoff, konferens, julbord och privata fester.\" \/>\n<meta property=\"og:url\" content=\"https:\/\/eventcenter.se\/kalmar\/festvaning\/\" \/>\n<meta property=\"og:site_name\" content=\"Event Center Knock &#039;em Down\" \/>\n<meta property=\"article:modified_time\" content=\"2024-03-01T11:49:53+00:00\" \/>\n<meta property=\"og:image\" content=\"https:\/\/eventcenter.se\/kalmar\/wp-content\/uploads\/2022\/10\/Boka-300x78.jpg\" \/>\n<meta name=\"twitter:card\" content=\"summary_large_image\" \/>\n<meta name=\"twitter:label1\" content=\"Ber\u00e4knad l\u00e4stid\" \/>\n\t<meta name=\"twitter:data1\" content=\"3 minuter\" \/>\n<script type=\"application\/ld+json\" class=\"yoast-schema-graph\">{\"@context\":\"https:\/\/schema.org\",\"@graph\":[{\"@type\":\"WebPage\",\"@id\":\"https:\/\/eventcenter.se\/kalmar\/festvaning\/\",\"url\":\"https:\/\/eventcenter.se\/kalmar\/festvaning\/\",\"name\":\"FESTV\u00c5NING KALMAR - F\u00c3\u00b6retag & privatg\u00c3\u00a4ster - Allt under ett tak\",\"isPartOf\":{\"@id\":\"https:\/\/eventcenter.se\/kalmar\/#website\"},\"primaryImageOfPage\":{\"@id\":\"https:\/\/eventcenter.se\/kalmar\/festvaning\/#primaryimage\"},\"image\":{\"@id\":\"https:\/\/eventcenter.se\/kalmar\/festvaning\/#primaryimage\"},\"thumbnailUrl\":\"https:\/\/eventcenter.se\/kalmar\/wp-content\/uploads\/2022\/10\/Boka-300x78.jpg\",\"datePublished\":\"2019-03-26T09:13:17+00:00\",\"dateModified\":\"2024-03-01T11:49:53+00:00\",\"description\":\"Festv\u00c3\u00a5ningen i Kalmar \u00c3\u00a4r den perfekta platsen f\u00c3\u00b6r b\u00c3\u00a5de f\u00c3\u00b6retagsevent, kickoff, konferens, julbord och privata fester.\",\"breadcrumb\":{\"@id\":\"https:\/\/eventcenter.se\/kalmar\/festvaning\/#breadcrumb\"},\"inLanguage\":\"sv-SE\",\"potentialAction\":[{\"@type\":\"ReadAction\",\"target\":[\"https:\/\/eventcenter.se\/kalmar\/festvaning\/\"]}]},{\"@type\":\"ImageObject\",\"inLanguage\":\"sv-SE\",\"@id\":\"https:\/\/eventcenter.se\/kalmar\/festvaning\/#primaryimage\",\"url\":\"https:\/\/eventcenter.se\/kalmar\/wp-content\/uploads\/2022\/10\/Boka.jpg\",\"contentUrl\":\"https:\/\/eventcenter.se\/kalmar\/wp-content\/uploads\/2022\/10\/Boka.jpg\",\"width\":384,\"height\":100,\"caption\":\"Boka\"},{\"@type\":\"BreadcrumbList\",\"@id\":\"https:\/\/eventcenter.se\/kalmar\/festvaning\/#breadcrumb\",\"itemListElement\":[{\"@type\":\"ListItem\",\"position\":1,\"name\":\"Home\",\"item\":\"https:\/\/eventcenter.se\/kalmar\/\"},{\"@type\":\"ListItem\",\"position\":2,\"name\":\"FESTV\u00c3\u2026NING\"}]},{\"@type\":\"WebSite\",\"@id\":\"https:\/\/eventcenter.se\/kalmar\/#website\",\"url\":\"https:\/\/eventcenter.se\/kalmar\/\",\"name\":\"Event Center Knock 'em Down\",\"description\":\"Aktiviteter i v\u00c3\u00a4rldsklass\",\"potentialAction\":[{\"@type\":\"SearchAction\",\"target\":{\"@type\":\"EntryPoint\",\"urlTemplate\":\"https:\/\/eventcenter.se\/kalmar\/?s={search_term_string}\"},\"query-input\":{\"@type\":\"PropertyValueSpecification\",\"valueRequired\":true,\"valueName\":\"search_term_string\"}}],\"inLanguage\":\"sv-SE\"}]}<\/script>\n<!-- \/ Yoast SEO plugin. -->","yoast_head_json":{"title":"FESTV\u00c5NING KALMAR - F\u00c3\u00b6retag & privatg\u00c3\u00a4ster - Allt under ett tak","description":"Festv\u00c3\u00a5ningen i Kalmar \u00c3\u00a4r den perfekta platsen f\u00c3\u00b6r b\u00c3\u00a5de f\u00c3\u00b6retagsevent, kickoff, konferens, julbord och privata fester.","robots":{"index":"index","follow":"follow","max-snippet":"max-snippet:-1","max-image-preview":"max-image-preview:large","max-video-preview":"max-video-preview:-1"},"canonical":"https:\/\/eventcenter.se\/kalmar\/festvaning\/","og_locale":"sv_SE","og_type":"article","og_title":"FESTV\u00c5NING KALMAR - F\u00c3\u00b6retag & privatg\u00c3\u00a4ster - Allt under ett tak","og_description":"Festv\u00c3\u00a5ningen i Kalmar \u00c3\u00a4r den perfekta platsen f\u00c3\u00b6r b\u00c3\u00a5de f\u00c3\u00b6retagsevent, kickoff, konferens, julbord och privata fester.","og_url":"https:\/\/eventcenter.se\/kalmar\/festvaning\/","og_site_name":"Event Center Knock &#039;em Down","article_modified_time":"2024-03-01T11:49:53+00:00","og_image":[{"url":"https:\/\/eventcenter.se\/kalmar\/wp-content\/uploads\/2022\/10\/Boka-300x78.jpg","type":"","width":"","height":""}],"twitter_card":"summary_large_image","twitter_misc":{"Ber\u00e4knad l\u00e4stid":"3 minuter"},"schema":{"@context":"https:\/\/schema.org","@graph":[{"@type":"WebPage","@id":"https:\/\/eventcenter.se\/kalmar\/festvaning\/","url":"https:\/\/eventcenter.se\/kalmar\/festvaning\/","name":"FESTV\u00c5NING KALMAR - F\u00c3\u00b6retag & privatg\u00c3\u00a4ster - Allt under ett tak","isPartOf":{"@id":"https:\/\/eventcenter.se\/kalmar\/#website"},"primaryImageOfPage":{"@id":"https:\/\/eventcenter.se\/kalmar\/festvaning\/#primaryimage"},"image":{"@id":"https:\/\/eventcenter.se\/kalmar\/festvaning\/#primaryimage"},"thumbnailUrl":"https:\/\/eventcenter.se\/kalmar\/wp-content\/uploads\/2022\/10\/Boka-300x78.jpg","datePublished":"2019-03-26T09:13:17+00:00","dateModified":"2024-03-01T11:49:53+00:00","description":"Festv\u00c3\u00a5ningen i Kalmar \u00c3\u00a4r den perfekta platsen f\u00c3\u00b6r b\u00c3\u00a5de f\u00c3\u00b6retagsevent, kickoff, konferens, julbord och privata fester.","breadcrumb":{"@id":"https:\/\/eventcenter.se\/kalmar\/festvaning\/#breadcrumb"},"inLanguage":"sv-SE","potentialAction":[{"@type":"ReadAction","target":["https:\/\/eventcenter.se\/kalmar\/festvaning\/"]}]},{"@type":"ImageObject","inLanguage":"sv-SE","@id":"https:\/\/eventcenter.se\/kalmar\/festvaning\/#primaryimage","url":"https:\/\/eventcenter.se\/kalmar\/wp-content\/uploads\/2022\/10\/Boka.jpg","contentUrl":"https:\/\/eventcenter.se\/kalmar\/wp-content\/uploads\/2022\/10\/Boka.jpg","width":384,"height":100,"caption":"Boka"},{"@type":"BreadcrumbList","@id":"https:\/\/eventcenter.se\/kalmar\/festvaning\/#breadcrumb","itemListElement":[{"@type":"ListItem","position":1,"name":"Home","item":"https:\/\/eventcenter.se\/kalmar\/"},{"@type":"ListItem","position":2,"name":"FESTV\u00c3\u2026NING"}]},{"@type":"WebSite","@id":"https:\/\/eventcenter.se\/kalmar\/#website","url":"https:\/\/eventcenter.se\/kalmar\/","name":"Event Center Knock 'em Down","description":"Aktiviteter i v\u00c3\u00a4rldsklass","potentialAction":[{"@type":"SearchAction","target":{"@type":"EntryPoint","urlTemplate":"https:\/\/eventcenter.se\/kalmar\/?s={search_term_string}"},"query-input":{"@type":"PropertyValueSpecification","valueRequired":true,"valueName":"search_term_string"}}],"inLanguage":"sv-SE"}]}},"_links":{"self":[{"href":"https:\/\/eventcenter.se\/kalmar\/wp-json\/wp\/v2\/pages\/551","targetHints":{"allow":["GET"]}}],"collection":[{"href":"https:\/\/eventcenter.se\/kalmar\/wp-json\/wp\/v2\/pages"}],"about":[{"href":"https:\/\/eventcenter.se\/kalmar\/wp-json\/wp\/v2\/types\/page"}],"author":[{"embeddable":true,"href":"https:\/\/eventcenter.se\/kalmar\/wp-json\/wp\/v2\/users\/2"}],"replies":[{"embeddable":true,"href":"https:\/\/eventcenter.se\/kalmar\/wp-json\/wp\/v2\/comments?post=551"}],"version-history":[{"count":84,"href":"https:\/\/eventcenter.se\/kalmar\/wp-json\/wp\/v2\/pages\/551\/revisions"}],"predecessor-version":[{"id":5458,"href":"https:\/\/eventcenter.se\/kalmar\/wp-json\/wp\/v2\/pages\/551\/revisions\/5458"}],"wp:attachment":[{"href":"https:\/\/eventcenter.se\/kalmar\/wp-json\/wp\/v2\/media?parent=551"}],"curies":[{"name":"wp","href":"https:\/\/api.w.org\/{rel}","templated":true}]}}